{"id":4700,"date":"2023-02-10T14:53:39","date_gmt":"2023-02-10T13:53:39","guid":{"rendered":"https:\/\/centre-musical.ch\/temoignages\/"},"modified":"2023-02-10T14:53:39","modified_gmt":"2023-02-10T13:53:39","slug":"temoignages","status":"publish","type":"page","link":"https:\/\/centre-musical.ch\/en\/temoignages\/","title":{"rendered":"T\u00e9moignages"},"content":{"rendered":"<p>[vc_row][vc_column]<div id=\"sc_title_307170411\"\n\t\tclass=\"sc_title color_style_default sc_title_default  vc_custom_1676037330768\"><h6 class=\"sc_item_subtitle sc_title_subtitle sc_align_left sc_item_title_style_default\">T\u00e9moignages<\/h6><h3 class=\"sc_item_title sc_title_title sc_align_left sc_item_title_style_default\">Ce qu'en pensent nos \u00e9tudiants<\/h3><\/div><!-- \/.sc_title -->[\/vc_column][\/vc_row][vc_row][vc_column][vc_empty_space hide_on_mobile=&#8221;&#8221;][vc_column_text css=&#8221;.vc_custom_1678632681626{background-color: #dd9933 !important;}&#8221;]<\/p>\n<blockquote><p>\u00abC\u2019\u00e9tait midi, et la vielle ville se raidissait dans chaleur. Le besoin de fraicheur prenant l\u2019ascendant sur la faim, j\u2019entrai dans l\u2019\u00e9glise luth\u00e9rienne o\u00f9 Michel Muller donnait un r\u00e9cital. En \u00e9coutant Michel, je me suis dit que c\u2019\u00e9tait avec cette sensibilit\u00e9 l\u00e0 que j\u2019aimerais jouer du <span style=\"color: #ffb35e;\">piano<\/span> . Alors je l\u2019ai googlelis\u00e9, ai descendu le piano du grenier, et me suis inscrit \u00e0 l\u2019EPMM.<\/p>\n<p>&nbsp;<\/p>\n<p>Ma vie professionnelle mouvement\u00e9e ne me permets pas une pratique tr\u00e8s assidue, c\u2019est sans doute pour cela que l\u2019\u00e9l\u00e8ve n\u2019a toujours pas d\u00e9pass\u00e9 la ma\u00eetre. Mais Michel ne m\u2019en tient pas rigueur. Il s\u2019adapte \u00e0 mes turpides avec un calme olympien. Il adapte son enseignement \u00e0 mon incurie.<\/p>\n<p>&nbsp;<\/p>\n<p>Pourtant, rien ne lui \u00e9chappe : mon troisi\u00e8me doigt jouant la note qui aurait d\u00fb l\u2019\u00eatre avec le quatri\u00e8me, celle qui aurait mieux sonn\u00e9 en forte plut\u00f4t que mezzo forte, la basse un peu trop tenue qui alt\u00e8re l\u2019accord suivant.<\/p>\n<p>&nbsp;<\/p>\n<p>Avec Michel, m\u00eame si on n\u2019est pas bon \u00e9l\u00e8ve, on se sent respect\u00e9, et on passe un bon moment, quitte \u00e0 parfois s\u2019\u00e9loigner de la pratique musicale pour \u00e9changer sur ce qui nous semble important.<\/p>\n<p>&nbsp;<\/p>\n<p>C\u2019est s\u00fbr que \u00e7a me prendra encore un peu de temps, beaucoup de pratique, qu\u2019il faudra changer les touches du clavier tellement elles seront us\u00e9es, mais un jour, je lui jouerai un morceau qui le fera pleurer d\u2019\u00e9motion.\u00bb<\/p>\n<p style=\"text-align: right; color: #ffb35e;\">Fr\u00e9d\u00e9ric Guinot<\/p>\n<\/blockquote>\n<p>[\/vc_column_text][vc_empty_space hide_on_mobile=&#8221;&#8221;][\/vc_column][\/vc_row][vc_row][vc_column][vc_empty_space hide_on_mobile=&#8221;&#8221;][vc_column_text css=&#8221;.vc_custom_1676895620617{background-color: #dd9933 !important;}&#8221;]<\/p>\n<blockquote><p>\u00abExcellente \u00e9cole de <span style=\"color: #ffb35e;\">piano<\/span> ! M. Muller nous montre \u00e0 la fois ce c\u00f4t\u00e9 extraordinaire, technique et d\u00e9taill\u00e9 du piano, tout en gardant du plaisir \u00e0 travailler le solf\u00e8ge et \u00e9voluer \u00e0 son rythme.<\/p>\n<p>&nbsp;<\/p>\n<p>Cela fait 10 ans que je suis son \u00e9l\u00e8ve et j&#8217;ai toujours appr\u00e9ci\u00e9 ses cours, son attitude positive qui nous pousse toujours au plus haut de nos capacit\u00e9s, et il donne tout le temps les meilleurs conseils pour jouer avec de l&#8217;\u00e9motion touchant ainsi le public, jouer avec un contr\u00f4le au niveau des mains et du stress, et pouvoir analyser ce qu&#8217;on joue tel une nocturne de Chopin ou un prelude de Bach.<\/p>\n<p>&nbsp;<\/p>\n<p>L&#8217;analyse de pi\u00e8ces classiques permet de conna\u00eetre certaines bases pour composer soi-m\u00eame, donc si vous voulez exprimer vos \u00e9motions \u00e0 travers le piano, venez d\u00e9couvrir cette comp\u00e9tence au travers des cours de M. Muller, un prof qui vous encouragera au maximum pour faire \u00e9merger le talent de pianiste cach\u00e9 en vous.<\/p>\n<p>&nbsp;<\/p>\n<p>Je recommande vivement son \u00e9cole qui est selon moi une des meilleures qui puisse exister !\u00bb<\/p>\n<p>&nbsp;<\/p>\n<p style=\"text-align: right; color: #ffb35e;\">Luka Philippe<br \/>\n(Coll\u00e9gien)<\/p>\n<\/blockquote>\n<p>[\/vc_column_text][vc_empty_space hide_on_mobile=&#8221;&#8221;][\/vc_column][\/vc_row][vc_row][vc_column][vc_empty_space hide_on_mobile=&#8221;&#8221;][vc_column_text css=&#8221;.vc_custom_1677004537086{background-color: #dd9933 !important;}&#8221;]<\/p>\n<blockquote><p>\u00ab Plus de 30 ans apr\u00e8s avoir arr\u00eat\u00e9 la <span style=\"color: #ffb35e;\">fl\u00fbte<\/span>, j\u2019ai voulu me lancer le d\u00e9fi de reprendre des cours afin de pouvoir accompagner mon fils dans ses chansons enfantines ramen\u00e9es de l\u2019\u00e9cole\u00a0!<\/p>\n<p>Un d\u00e9fi \u00e0 relever pour moi qui n\u2019avais ni le temps de me d\u00e9placer, ni la patience de m\u2019y remettre toute seule.<\/p>\n<p>&nbsp;<\/p>\n<p>Apr\u00e8s plusieurs recherches sur le site superprof, j\u2019ai rencontr\u00e9 Tiphaine.<\/p>\n<p>Elle est une combinaison de calme et de patience et a une approche ludique du solf\u00e8ge, certainement de par son exp\u00e9rience avec les petits.<\/p>\n<p>&nbsp;<\/p>\n<p>Cela m\u2019a permis d\u2019\u00eatre vite mise en confiance, sans jugement. Elle est tr\u00e8s \u00e0 l\u2019\u00e9coute de mes envies musicales et a la capacit\u00e9 de savoir ce qui me conviendrait en terme de partition. Respectueuse du niveau de l\u2019\u00e9l\u00e8ve, Tiphaine sait toutefois amener du challenge dans ses le\u00e7ons, ce qui me permet d\u2019\u00e9voluer au fil de nos rencontres \u00bb<\/p>\n<p>&nbsp;<\/p>\n<p style=\"text-align: right; color: #ffb35e;\">Myl\u00e8ne de Vincenzo<\/p>\n<\/blockquote>\n<p>[\/vc_column_text][vc_empty_space hide_on_mobile=&#8221;&#8221;][\/vc_column][\/vc_row][vc_row][vc_column][vc_empty_space hide_on_mobile=&#8221;&#8221;][vc_column_text]<\/p>\n<blockquote><p>\u00abJe ne peux que recommander Michel Muller, tant pour des <span style=\"color: #ffb35e;\">pianistes<\/span> d\u00e9butants que confirm\u00e9s.<\/p>\n<p>&nbsp;<\/p>\n<p>C\u2019est un professeur extr\u00eamement sympathique, de grande qualit\u00e9, excellent p\u00e9dagogue et toujours positif ! Il sait \u00e0 chaque \u00e9tape de votre \u00e9volution trouver le chemin pour vous faire progresser.<\/p>\n<p>&nbsp;<\/p>\n<p>Excellent pianiste lui-m\u00eame, il arrive \u00e0 nous transmettre sa passion et vous fera d\u00e9couvrir la musique dans toutes ses dimensions, que ce soit dans l\u2019\u00e9tude des \u0153uvres, la d\u00e9couverte du solf\u00e8ge et de l&#8217;harmonie ou dans l\u2019interpr\u00e9tation des pi\u00e8ces.<\/p>\n<p>&nbsp;<\/p>\n<p>Ses conseils sont pr\u00e9cieux et je ne remercierai jamais assez le hasard de l\u2019avoir plac\u00e9 sur ma route musicale !\u00bb<\/p>\n<p>&nbsp;<\/p>\n<p style=\"text-align: right; color: #ffb35e;\">Brigitte Wiederkehr<\/p>\n<\/blockquote>\n<p>[\/vc_column_text][vc_empty_space hide_on_mobile=&#8221;&#8221;][vc_column_text css=&#8221;.vc_custom_1677626679127{background-color: #dd9933 !important;}&#8221;]<\/p>\n<blockquote><p>\u00abUn grand merci \u00e0 toi, j\u2019ai vraiment eu beaucoup de plaisir! Tes cours m&#8217;ont redonn\u00e9s un \u00e9lan dans l\u2019apprentissage de la <span style=\"color: #ffb35e;\">fl\u00fbte<\/span>.<\/p>\n<p>Bonne continuation, que du bonheur !\u00a0\u00bb<\/p>\n<p>&nbsp;<\/p>\n<p style=\"text-align: right; color: #ffb35e;\">N. H.<\/p>\n<\/blockquote>\n<p>[\/vc_column_text][\/vc_column][\/vc_row][vc_row][vc_column][vc_empty_space hide_on_mobile=&#8221;&#8221;][vc_column_text]<\/p>\n<blockquote><p>\u00abJe suis ravi de mes cours de <span style=\"color: #ffb35e;\">piano<\/span> suivis depuis un peu plus 4 ans avec Michel Muller.<\/p>\n<p>La m\u00e9thode est bien structur\u00e9e, progressive et donne toutes les bases n\u00e9cessaires tant pour l&#8217;acquisition des comp\u00e9tences techniques que pour le d\u00e9veloppement de la sensibilit\u00e9 artistique.<\/p>\n<p>&nbsp;<\/p>\n<p>Les le\u00e7ons se passent toujours dans une atmosph\u00e8re positive, encourageante et Michel sait trouver les bonnes cl\u00e9s pour nous faire progresser sur tous les plans, notamment ceux de l&#8217;harmonie et de l&#8217;expression musicale.<\/p>\n<p>&nbsp;<\/p>\n<p>Le choix des pi\u00e8ces fait ensemble est toujours source de joie et donne envie d&#8217;avancer.<\/p>\n<p>&nbsp;<\/p>\n<p>Je prends beaucoup de plaisir dans cet apprentissage du piano et recommande vivement l&#8217;Ecole de Piano Michel Muller.\u00bb<\/p>\n<p style=\"text-align: right; color: #ffb35e;\">Fr\u00e9d\u00e9ric Juillot<br \/>\n(Cadre en Banque Priv\u00e9e)<\/p>\n<\/blockquote>\n<p>[\/vc_column_text][vc_empty_space hide_on_mobile=&#8221;&#8221;][\/vc_column][\/vc_row][vc_row][vc_column][vc_empty_space hide_on_mobile=&#8221;&#8221;][vc_column_text]<\/p>\n<blockquote><p>\u00abVoici 3 ans que je suis les cours avec M. Muller, et je suis toujours impressionn\u00e9 par la qualit\u00e9 et le professionnalisme de son enseignement.<\/p>\n<p>&nbsp;<\/p>\n<p>Le choix des pi\u00e8ces \u00e0 travailler ainsi que les conseils dispens\u00e9s sont toujours pertinents, adapt\u00e9s au niveau de l\u2019\u00e9l\u00e8ve et les progr\u00e8s sont rapidement au rendez-vous. Son contact chaleureux met l\u2019\u00e9l\u00e8ve en confiance.<br \/>\nC\u2019est un immense plaisir de pratiquer le <span style=\"color: #ffb35e;\">piano<\/span> accompagn\u00e9 par M. Muller.\u00bb<\/p>\n<p>&nbsp;<\/p>\n<p style=\"text-align: right; color: #ffb35e;\">Stefan Wiederkehr<\/p>\n<\/blockquote>\n<p>[\/vc_column_text][vc_empty_space hide_on_mobile=&#8221;&#8221;][\/vc_column][\/vc_row][vc_row][vc_column][vc_empty_space hide_on_mobile=&#8221;&#8221;][vc_column_text]<\/p>\n<blockquote><p>\u00abL\u2019enseignement de Michel Muller est extr\u00eamement construit et approfondi et fait preuve d\u2019une grande ma\u00eetrise, en attachant beaucoup d\u2019importance aussi bien \u00e0 la beaut\u00e9 du son et \u00e0 l\u2019interpr\u00e9tation qu\u2019\u00e0 la technique pianistique!<\/p>\n<p>&nbsp;<\/p>\n<p>Michel Muller s\u2019adapte en plus \u2013 avec une m\u00eame habilet\u00e9 exceptionnelle \u2013 \u00e0 la psychologie d\u2019un jeune enfant de 5 ans et d\u2019un adolescent aussi bien qu\u2019\u00e0 celle de personnes adultes de tous les \u00e2ges\u2026! C\u2019est tout simplement un excellent professeur de <span style=\"color: #ffb35e;\">piano<\/span>!\u00bb<\/p>\n<p style=\"text-align: right; color: #ffb35e;\">Anita Fischer<br \/>\n(Professeure au Coll\u00e8ge de Saussure)<\/p>\n<\/blockquote>\n<p>[\/vc_column_text][vc_empty_space hide_on_mobile=&#8221;&#8221;][\/vc_column][\/vc_row][vc_row][vc_column][vc_empty_space hide_on_mobile=&#8221;&#8221;][vc_column_text]<\/p>\n<blockquote><p>\u00abLes le\u00e7ons avec Michel Muller sont stimulantes et tr\u00e8s ludiques. Avec une approche\u00a0tr\u00e8s claire et bien structur\u00e9e, l\u2019enseignement est toujours compr\u00e9hensible \u2013 ce qui facilite les progr\u00e8s rapides.<\/p>\n<p>&nbsp;<\/p>\n<p>La passion de Michel Muller pour la musique et le <span style=\"color: #ffb35e;\">piano<\/span> inspire un d\u00e9sir d\u2019am\u00e9liorer la ma\u00eetrise de l\u2019instrument et\u00a0stimule\u00a0l\u2019int\u00e9r\u00eat pour la d\u00e9couverte du vaste r\u00e9pertoire pianistique.\u00bb<\/p>\n<p style=\"text-align: right; color: #ffb35e;\">John Curran<br \/>\n(Avocat)<\/p>\n<\/blockquote>\n<p>[\/vc_column_text][vc_empty_space hide_on_mobile=&#8221;&#8221;][\/vc_column][\/vc_row]<\/p>\n","protected":false},"excerpt":{"rendered":"<p>[vc_row][vc_column][\/vc_column][\/vc_row][vc_row][vc_column][vc_empty_space hide_on_mobile=&#8221;&#8221;][vc_column_text css=&#8221;.vc_custom_1678632681626{background-color: #dd9933 !important;}&#8221;] \u00abC\u2019\u00e9tait midi, et la vielle ville se raidissait dans chaleur. Le besoin de fraicheur prenant l\u2019ascendant sur la faim, j\u2019entrai dans l\u2019\u00e9glise luth\u00e9rienne o\u00f9 Michel Muller donnait un r\u00e9cital. En \u00e9coutant Michel, je me suis dit que c\u2019\u00e9tait avec cette sensibilit\u00e9 l\u00e0 que j\u2019aimerais jouer du piano . Alors je l\u2019ai googlelis\u00e9, ai descendu le piano du grenier, et me suis inscrit \u00e0 l\u2019EPMM. &nbsp; Ma vie professionnelle mouvement\u00e9e ne me permets pas une pratique tr\u00e8s assidue, c\u2019est&hellip;<\/p>\n","protected":false},"author":1,"featured_media":4135,"parent":0,"menu_order":0,"comment_status":"closed","ping_status":"closed","template":"","meta":{"footnotes":""},"class_list":["post-4700","page","type-page","status-publish","has-post-thumbnail","hentry"],"yoast_head":"<!-- This site is optimized with the Yoast SEO plugin v26.6 - https:\/\/yoast.com\/wordpress\/plugins\/seo\/ -->\n<title>T\u00e9moignages - Centre Musical de Cornavin<\/title>\n<meta name=\"robots\" content=\"index, follow, max-snippet:-1, max-image-preview:large, max-video-preview:-1\" \/>\n<link rel=\"canonical\" href=\"https:\/\/centre-musical.ch\/en\/temoignages\/\" \/>\n<meta property=\"og:locale\" content=\"en_US\" \/>\n<meta property=\"og:type\" content=\"article\" \/>\n<meta property=\"og:title\" content=\"T\u00e9moignages - Centre Musical de Cornavin\" \/>\n<meta property=\"og:description\" content=\"[vc_row][vc_column][\/vc_column][\/vc_row][vc_row][vc_column][vc_empty_space hide_on_mobile=&#8221;&#8221;][vc_column_text css=&#8221;.vc_custom_1678632681626{background-color: #dd9933 !important;}&#8221;] \u00abC\u2019\u00e9tait midi, et la vielle ville se raidissait dans chaleur. Le besoin de fraicheur prenant l\u2019ascendant sur la faim, j\u2019entrai dans l\u2019\u00e9glise luth\u00e9rienne o\u00f9 Michel Muller donnait un r\u00e9cital. En \u00e9coutant Michel, je me suis dit que c\u2019\u00e9tait avec cette sensibilit\u00e9 l\u00e0 que j\u2019aimerais jouer du piano . Alors je l\u2019ai googlelis\u00e9, ai descendu le piano du grenier, et me suis inscrit \u00e0 l\u2019EPMM. &nbsp; Ma vie professionnelle mouvement\u00e9e ne me permets pas une pratique tr\u00e8s assidue, c\u2019est&hellip;\" \/>\n<meta property=\"og:url\" content=\"https:\/\/centre-musical.ch\/en\/temoignages\/\" \/>\n<meta property=\"og:site_name\" content=\"Centre Musical de Cornavin\" \/>\n<meta name=\"twitter:card\" content=\"summary_large_image\" \/>\n<meta name=\"twitter:label1\" content=\"Est. reading time\" \/>\n\t<meta name=\"twitter:data1\" content=\"7 minutes\" \/>\n<script type=\"application\/ld+json\" class=\"yoast-schema-graph\">{\"@context\":\"https:\/\/schema.org\",\"@graph\":[{\"@type\":\"WebPage\",\"@id\":\"https:\/\/centre-musical.ch\/en\/temoignages\/\",\"url\":\"https:\/\/centre-musical.ch\/en\/temoignages\/\",\"name\":\"T\u00e9moignages - Centre Musical de Cornavin\",\"isPartOf\":{\"@id\":\"https:\/\/centre-musical.ch\/en\/home-english\/#website\"},\"primaryImageOfPage\":{\"@id\":\"https:\/\/centre-musical.ch\/en\/temoignages\/#primaryimage\"},\"image\":{\"@id\":\"https:\/\/centre-musical.ch\/en\/temoignages\/#primaryimage\"},\"thumbnailUrl\":\"https:\/\/centre-musical.ch\/wp-content\/uploads\/2023\/02\/stock-photo-customer-hand-touching-to-yellow-illustration-stars-virtual-screening-monitor-for-satisfaction-2032309376_3.jpg\",\"datePublished\":\"2023-02-10T13:53:39+00:00\",\"breadcrumb\":{\"@id\":\"https:\/\/centre-musical.ch\/en\/temoignages\/#breadcrumb\"},\"inLanguage\":\"en-US\",\"potentialAction\":[{\"@type\":\"ReadAction\",\"target\":[\"https:\/\/centre-musical.ch\/en\/temoignages\/\"]}]},{\"@type\":\"ImageObject\",\"inLanguage\":\"en-US\",\"@id\":\"https:\/\/centre-musical.ch\/en\/temoignages\/#primaryimage\",\"url\":\"https:\/\/centre-musical.ch\/wp-content\/uploads\/2023\/02\/stock-photo-customer-hand-touching-to-yellow-illustration-stars-virtual-screening-monitor-for-satisfaction-2032309376_3.jpg\",\"contentUrl\":\"https:\/\/centre-musical.ch\/wp-content\/uploads\/2023\/02\/stock-photo-customer-hand-touching-to-yellow-illustration-stars-virtual-screening-monitor-for-satisfaction-2032309376_3.jpg\",\"width\":1500,\"height\":663},{\"@type\":\"BreadcrumbList\",\"@id\":\"https:\/\/centre-musical.ch\/en\/temoignages\/#breadcrumb\",\"itemListElement\":[{\"@type\":\"ListItem\",\"position\":1,\"name\":\"Accueil\",\"item\":\"https:\/\/centre-musical.ch\/en\/\"},{\"@type\":\"ListItem\",\"position\":2,\"name\":\"T\u00e9moignages\"}]},{\"@type\":\"WebSite\",\"@id\":\"https:\/\/centre-musical.ch\/en\/home-english\/#website\",\"url\":\"https:\/\/centre-musical.ch\/en\/home-english\/\",\"name\":\"Centre Musical de Cornavin\",\"description\":\"Une \u00e9cole o\u00f9 l&#039;on est bien\",\"potentialAction\":[{\"@type\":\"SearchAction\",\"target\":{\"@type\":\"EntryPoint\",\"urlTemplate\":\"https:\/\/centre-musical.ch\/en\/home-english\/?s={search_term_string}\"},\"query-input\":{\"@type\":\"PropertyValueSpecification\",\"valueRequired\":true,\"valueName\":\"search_term_string\"}}],\"inLanguage\":\"en-US\"}]}<\/script>\n<!-- \/ Yoast SEO plugin. -->","yoast_head_json":{"title":"T\u00e9moignages - Centre Musical de Cornavin","robots":{"index":"index","follow":"follow","max-snippet":"max-snippet:-1","max-image-preview":"max-image-preview:large","max-video-preview":"max-video-preview:-1"},"canonical":"https:\/\/centre-musical.ch\/en\/temoignages\/","og_locale":"en_US","og_type":"article","og_title":"T\u00e9moignages - Centre Musical de Cornavin","og_description":"[vc_row][vc_column][\/vc_column][\/vc_row][vc_row][vc_column][vc_empty_space hide_on_mobile=&#8221;&#8221;][vc_column_text css=&#8221;.vc_custom_1678632681626{background-color: #dd9933 !important;}&#8221;] \u00abC\u2019\u00e9tait midi, et la vielle ville se raidissait dans chaleur. Le besoin de fraicheur prenant l\u2019ascendant sur la faim, j\u2019entrai dans l\u2019\u00e9glise luth\u00e9rienne o\u00f9 Michel Muller donnait un r\u00e9cital. En \u00e9coutant Michel, je me suis dit que c\u2019\u00e9tait avec cette sensibilit\u00e9 l\u00e0 que j\u2019aimerais jouer du piano . Alors je l\u2019ai googlelis\u00e9, ai descendu le piano du grenier, et me suis inscrit \u00e0 l\u2019EPMM. &nbsp; Ma vie professionnelle mouvement\u00e9e ne me permets pas une pratique tr\u00e8s assidue, c\u2019est&hellip;","og_url":"https:\/\/centre-musical.ch\/en\/temoignages\/","og_site_name":"Centre Musical de Cornavin","twitter_card":"summary_large_image","twitter_misc":{"Est. reading time":"7 minutes"},"schema":{"@context":"https:\/\/schema.org","@graph":[{"@type":"WebPage","@id":"https:\/\/centre-musical.ch\/en\/temoignages\/","url":"https:\/\/centre-musical.ch\/en\/temoignages\/","name":"T\u00e9moignages - Centre Musical de Cornavin","isPartOf":{"@id":"https:\/\/centre-musical.ch\/en\/home-english\/#website"},"primaryImageOfPage":{"@id":"https:\/\/centre-musical.ch\/en\/temoignages\/#primaryimage"},"image":{"@id":"https:\/\/centre-musical.ch\/en\/temoignages\/#primaryimage"},"thumbnailUrl":"https:\/\/centre-musical.ch\/wp-content\/uploads\/2023\/02\/stock-photo-customer-hand-touching-to-yellow-illustration-stars-virtual-screening-monitor-for-satisfaction-2032309376_3.jpg","datePublished":"2023-02-10T13:53:39+00:00","breadcrumb":{"@id":"https:\/\/centre-musical.ch\/en\/temoignages\/#breadcrumb"},"inLanguage":"en-US","potentialAction":[{"@type":"ReadAction","target":["https:\/\/centre-musical.ch\/en\/temoignages\/"]}]},{"@type":"ImageObject","inLanguage":"en-US","@id":"https:\/\/centre-musical.ch\/en\/temoignages\/#primaryimage","url":"https:\/\/centre-musical.ch\/wp-content\/uploads\/2023\/02\/stock-photo-customer-hand-touching-to-yellow-illustration-stars-virtual-screening-monitor-for-satisfaction-2032309376_3.jpg","contentUrl":"https:\/\/centre-musical.ch\/wp-content\/uploads\/2023\/02\/stock-photo-customer-hand-touching-to-yellow-illustration-stars-virtual-screening-monitor-for-satisfaction-2032309376_3.jpg","width":1500,"height":663},{"@type":"BreadcrumbList","@id":"https:\/\/centre-musical.ch\/en\/temoignages\/#breadcrumb","itemListElement":[{"@type":"ListItem","position":1,"name":"Accueil","item":"https:\/\/centre-musical.ch\/en\/"},{"@type":"ListItem","position":2,"name":"T\u00e9moignages"}]},{"@type":"WebSite","@id":"https:\/\/centre-musical.ch\/en\/home-english\/#website","url":"https:\/\/centre-musical.ch\/en\/home-english\/","name":"Centre Musical de Cornavin","description":"Une \u00e9cole o\u00f9 l&#039;on est bien","potentialAction":[{"@type":"SearchAction","target":{"@type":"EntryPoint","urlTemplate":"https:\/\/centre-musical.ch\/en\/home-english\/?s={search_term_string}"},"query-input":{"@type":"PropertyValueSpecification","valueRequired":true,"valueName":"search_term_string"}}],"inLanguage":"en-US"}]}},"_links":{"self":[{"href":"https:\/\/centre-musical.ch\/en\/wp-json\/wp\/v2\/pages\/4700","targetHints":{"allow":["GET"]}}],"collection":[{"href":"https:\/\/centre-musical.ch\/en\/wp-json\/wp\/v2\/pages"}],"about":[{"href":"https:\/\/centre-musical.ch\/en\/wp-json\/wp\/v2\/types\/page"}],"author":[{"embeddable":true,"href":"https:\/\/centre-musical.ch\/en\/wp-json\/wp\/v2\/users\/1"}],"replies":[{"embeddable":true,"href":"https:\/\/centre-musical.ch\/en\/wp-json\/wp\/v2\/comments?post=4700"}],"version-history":[{"count":0,"href":"https:\/\/centre-musical.ch\/en\/wp-json\/wp\/v2\/pages\/4700\/revisions"}],"wp:featuredmedia":[{"embeddable":true,"href":"https:\/\/centre-musical.ch\/en\/wp-json\/wp\/v2\/media\/4135"}],"wp:attachment":[{"href":"https:\/\/centre-musical.ch\/en\/wp-json\/wp\/v2\/media?parent=4700"}],"curies":[{"name":"wp","href":"https:\/\/api.w.org\/{rel}","templated":true}]}}